{"id":552,"date":"2020-02-29T11:25:05","date_gmt":"2020-02-29T10:25:05","guid":{"rendered":"https:\/\/bohemian-feathers-jewelry.fr\/?page_id=552"},"modified":"2026-04-18T14:08:45","modified_gmt":"2026-04-18T12:08:45","slug":"evenements","status":"publish","type":"page","link":"https:\/\/bohemian-feathers-jewelry.fr\/en\/evenements\/","title":{"rendered":"Events"},"content":{"rendered":"<div data-elementor-type=\"wp-page\" data-elementor-id=\"552\" class=\"elementor elementor-552\">\n\t\t\t\t\t\t<section class=\"elementor-section elementor-top-section elementor-element elementor-element-5935a8f elementor-section-boxed elementor-section-height-default elementor-section-height-default\" data-id=\"5935a8f\" data-element_type=\"section\" data-e-type=\"section\">\n\t\t\t\t\t\t<div class=\"elementor-container elementor-column-gap-default\">\n\t\t\t\t\t<div class=\"elementor-column elementor-col-100 elementor-top-column elementor-element elementor-element-2b3f01f\" data-id=\"2b3f01f\" data-element_type=\"column\" data-e-type=\"column\">\n\t\t\t<div class=\"elementor-widget-wrap elementor-element-populated\">\n\t\t\t\t\t\t<div class=\"elementor-element elementor-element-1f07bd8 elementor-widget elementor-widget-spacer\" data-id=\"1f07bd8\" data-element_type=\"widget\" data-e-type=\"widget\" data-widget_type=\"spacer.default\">\n\t\t\t\t<div class=\"elementor-widget-container\">\n\t\t\t\t\t\t\t<div class=\"elementor-spacer\">\n\t\t\t<div class=\"elementor-spacer-inner\"><\/div>\n\t\t<\/div>\n\t\t\t\t\t\t<\/div>\n\t\t\t\t<\/div>\n\t\t\t\t\t<\/div>\n\t\t<\/div>\n\t\t\t\t\t<\/div>\n\t\t<\/section>\n\t\t\t\t<section class=\"elementor-section elementor-top-section elementor-element elementor-element-7e4cce1 elementor-section-boxed elementor-section-height-default elementor-section-height-default\" data-id=\"7e4cce1\" data-element_type=\"section\" data-e-type=\"section\">\n\t\t\t\t\t\t<div class=\"elementor-container elementor-column-gap-default\">\n\t\t\t\t\t<div class=\"elementor-column elementor-col-100 elementor-top-column elementor-element elementor-element-0ca1f0b\" data-id=\"0ca1f0b\" data-element_type=\"column\" data-e-type=\"column\">\n\t\t\t<div class=\"elementor-widget-wrap elementor-element-populated\">\n\t\t\t\t\t\t<div class=\"elementor-element elementor-element-ebe626a elementor-widget elementor-widget-heading\" data-id=\"ebe626a\" data-element_type=\"widget\" data-e-type=\"widget\" data-widget_type=\"heading.default\">\n\t\t\t\t<div class=\"elementor-widget-container\">\n\t\t\t\t\t<h2 class=\"elementor-heading-title elementor-size-default\">AGENDA DES MARCH\u00c9S<\/h2>\t\t\t\t<\/div>\n\t\t\t\t<\/div>\n\t\t\t\t\t<\/div>\n\t\t<\/div>\n\t\t\t\t\t<\/div>\n\t\t<\/section>\n\t\t\t\t<section class=\"elementor-section elementor-top-section elementor-element elementor-element-e69d2d7 elementor-section-boxed elementor-section-height-default elementor-section-height-default\" data-id=\"e69d2d7\" data-element_type=\"section\" data-e-type=\"section\">\n\t\t\t\t\t\t<div class=\"elementor-container elementor-column-gap-default\">\n\t\t\t\t\t<div class=\"elementor-column elementor-col-100 elementor-top-column elementor-element elementor-element-4751929\" data-id=\"4751929\" data-element_type=\"column\" data-e-type=\"column\">\n\t\t\t<div class=\"elementor-widget-wrap elementor-element-populated\">\n\t\t\t\t\t\t<div class=\"elementor-element elementor-element-75cb503 elementor-widget elementor-widget-spacer\" data-id=\"75cb503\" data-element_type=\"widget\" data-e-type=\"widget\" data-widget_type=\"spacer.default\">\n\t\t\t\t<div class=\"elementor-widget-container\">\n\t\t\t\t\t\t\t<div class=\"elementor-spacer\">\n\t\t\t<div class=\"elementor-spacer-inner\"><\/div>\n\t\t<\/div>\n\t\t\t\t\t\t<\/div>\n\t\t\t\t<\/div>\n\t\t\t\t\t<\/div>\n\t\t<\/div>\n\t\t\t\t\t<\/div>\n\t\t<\/section>\n\t\t\t\t<section class=\"elementor-section elementor-top-section elementor-element elementor-element-0a33e75 elementor-section-boxed elementor-section-height-default elementor-section-height-default\" data-id=\"0a33e75\" data-element_type=\"section\" data-e-type=\"section\">\n\t\t\t\t\t\t<div class=\"elementor-container elementor-column-gap-default\">\n\t\t\t\t\t<div class=\"elementor-column elementor-col-33 elementor-top-column elementor-element elementor-element-442c241\" data-id=\"442c241\" data-element_type=\"column\" data-e-type=\"column\">\n\t\t\t<div class=\"elementor-widget-wrap elementor-element-populated\">\n\t\t\t\t\t\t<div class=\"elementor-element elementor-element-265b282 elementor-widget elementor-widget-heading\" data-id=\"265b282\" data-element_type=\"widget\" data-e-type=\"widget\" data-widget_type=\"heading.default\">\n\t\t\t\t<div class=\"elementor-widget-container\">\n\t\t\t\t\t<h1 class=\"elementor-heading-title elementor-size-default\">O\u00f9 me retrouver cette ann\u00e9e ?<\/h1>\t\t\t\t<\/div>\n\t\t\t\t<\/div>\n\t\t\t\t<div class=\"elementor-element elementor-element-1e083a0 elementor-widget elementor-widget-text-editor\" data-id=\"1e083a0\" data-element_type=\"widget\" data-e-type=\"widget\" data-widget_type=\"text-editor.default\">\n\t\t\t\t<div class=\"elementor-widget-container\">\n\t\t\t\t\t\t\t\t\t<h2 style=\"letter-spacing: normal; font-family: Roboto Condensed, var(--nv-fallback-ff);\"><strong><u>AGENDA 20<\/u><span style=\"text-decoration: underline;\">26<\/span><\/strong><\/h2><p><strong style=\"color: var( --e-global-color-text ); font-family: var( --e-global-typography-text-font-family ), Sans-serif; background-color: var(--nv-site-bg);\"><strong><img decoding=\"async\" class=\"emoji\" role=\"img\" draggable=\"false\" src=\"https:\/\/s.w.org\/images\/core\/emoji\/14.0.0\/svg\/2705.svg\" alt=\"\u2705\" \/><\/strong> NORMANNIA &#8211; ROUEN PARC EXPO (76) &#8211; 14 et 15 f\u00e9vrier 2026<\/strong><\/p><p><strong style=\"color: var( --e-global-color-text ); font-family: var( --e-global-typography-text-font-family ), Sans-serif; background-color: var(--nv-site-bg);\">\ud83d\udcc6 LE MARCH\u00c9 DES CHEVALI\u00c8RES &#8211; B\u00e9cherel (35) &#8211; 10 mai 2026<\/strong><\/p><p><strong><strong style=\"color: var( --e-global-color-text ); font-family: var( --e-global-typography-text-font-family ), Sans-serif; background-color: var(--nv-site-bg);\">\ud83d\udcc6 <\/strong>FESTIVAL PENDRAGON &#8211; Chateau de Comper, Concoret (56) &#8211; 1 et 2 Ao\u00fbt 2026<\/strong><\/p><p><strong style=\"color: var( --e-global-color-text ); font-family: var( --e-global-typography-text-font-family ), Sans-serif; background-color: var(--nv-site-bg);\">\ud83d\udcc6 CIDRE &amp; DRAGON &#8211; Merville-Franceville (14) &#8211; 19 et 20 septembre 2026<\/strong><\/p>\t\t\t\t\t\t\t\t<\/div>\n\t\t\t\t<\/div>\n\t\t\t\t<div class=\"elementor-element elementor-element-9f5eb55 elementor-widget elementor-widget-heading\" data-id=\"9f5eb55\" data-element_type=\"widget\" data-e-type=\"widget\" data-widget_type=\"heading.default\">\n\t\t\t\t<div class=\"elementor-widget-container\">\n\t\t\t\t\t<h1 class=\"elementor-heading-title elementor-size-default\">Agenda des ann\u00e9es pr\u00e9c\u00e9dentes :<\/h1>\t\t\t\t<\/div>\n\t\t\t\t<\/div>\n\t\t\t\t<div class=\"elementor-element elementor-element-b3cfaaa elementor-widget elementor-widget-accordion\" data-id=\"b3cfaaa\" data-element_type=\"widget\" data-e-type=\"widget\" data-widget_type=\"accordion.default\">\n\t\t\t\t<div class=\"elementor-widget-container\">\n\t\t\t\t\t\t\t<div class=\"elementor-accordion\">\n\t\t\t\t\t\t\t<div class=\"elementor-accordion-item\">\n\t\t\t\t\t<div id=\"elementor-tab-title-1881\" class=\"elementor-tab-title\" data-tab=\"1\" role=\"button\" aria-controls=\"elementor-tab-content-1881\" aria-expanded=\"false\">\n\t\t\t\t\t\t\t\t\t\t\t\t\t<span class=\"elementor-accordion-icon elementor-accordion-icon-left\" aria-hidden=\"true\">\n\t\t\t\t\t\t\t\t\t\t\t\t\t\t\t<span class=\"elementor-accordion-icon-closed\"><i class=\"fas fa-plus\"><\/i><\/span>\n\t\t\t\t\t\t\t\t<span class=\"elementor-accordion-icon-opened\"><i class=\"fas fa-minus\"><\/i><\/span>\n\t\t\t\t\t\t\t\t\t\t\t\t\t\t<\/span>\n\t\t\t\t\t\t\t\t\t\t\t\t<a class=\"elementor-accordion-title\" tabindex=\"0\">2025<\/a>\n\t\t\t\t\t<\/div>\n\t\t\t\t\t<div id=\"elementor-tab-content-1881\" class=\"elementor-tab-content elementor-clearfix\" data-tab=\"1\" role=\"region\" aria-labelledby=\"elementor-tab-title-1881\"><p><strong style=\"color: var( --e-global-color-text ); font-family: var( --e-global-typography-text-font-family ), Sans-serif; background-color: var(--nv-site-bg);\"><strong><img decoding=\"async\" class=\"emoji\" role=\"img\" draggable=\"false\" src=\"https:\/\/s.w.org\/images\/core\/emoji\/14.0.0\/svg\/2705.svg\" alt=\"\u2705\" \/><\/strong> NORMANNIA &#8211; ROUEN PARC EXPO (76) &#8211; 8 et 9 f\u00e9vrier 2025<\/strong><\/p><p><strong style=\"color: var( --e-global-color-text ); font-family: var( --e-global-typography-text-font-family ), Sans-serif; background-color: var(--nv-site-bg);\"><strong><img decoding=\"async\" class=\"emoji\" role=\"img\" draggable=\"false\" src=\"https:\/\/s.w.org\/images\/core\/emoji\/14.0.0\/svg\/2705.svg\" alt=\"\u2705\" \/><\/strong> LE MARCH\u00c9 DES CHEVALI\u00c8RES &#8211; B\u00e9cherel (35) &#8211; 11 mai 2025<\/strong><\/p><p><strong style=\"color: var( --e-global-color-text ); font-family: var( --e-global-typography-text-font-family ), Sans-serif; background-color: var(--nv-site-bg);\"><strong><img decoding=\"async\" class=\"emoji\" role=\"img\" draggable=\"false\" src=\"https:\/\/s.w.org\/images\/core\/emoji\/14.0.0\/svg\/2705.svg\" alt=\"\u2705\" \/><\/strong> CIDRE &amp; DRAGON &#8211; Merville-Franceville (14) &#8211; 20 et 21 septembre 2025<\/strong><\/p><\/div>\n\t\t\t\t<\/div>\n\t\t\t\t\t\t\t<div class=\"elementor-accordion-item\">\n\t\t\t\t\t<div id=\"elementor-tab-title-1882\" class=\"elementor-tab-title\" data-tab=\"2\" role=\"button\" aria-controls=\"elementor-tab-content-1882\" aria-expanded=\"false\">\n\t\t\t\t\t\t\t\t\t\t\t\t\t<span class=\"elementor-accordion-icon elementor-accordion-icon-left\" aria-hidden=\"true\">\n\t\t\t\t\t\t\t\t\t\t\t\t\t\t\t<span class=\"elementor-accordion-icon-closed\"><i class=\"fas fa-plus\"><\/i><\/span>\n\t\t\t\t\t\t\t\t<span class=\"elementor-accordion-icon-opened\"><i class=\"fas fa-minus\"><\/i><\/span>\n\t\t\t\t\t\t\t\t\t\t\t\t\t\t<\/span>\n\t\t\t\t\t\t\t\t\t\t\t\t<a class=\"elementor-accordion-title\" tabindex=\"0\">2024<\/a>\n\t\t\t\t\t<\/div>\n\t\t\t\t\t<div id=\"elementor-tab-content-1882\" class=\"elementor-tab-content elementor-clearfix\" data-tab=\"2\" role=\"region\" aria-labelledby=\"elementor-tab-title-1882\"><p><strong style=\"color: var( --e-global-color-text ); font-family: var( --e-global-typography-text-font-family ), Sans-serif; background-color: var(--nv-site-bg);\"><strong><img decoding=\"async\" class=\"emoji\" role=\"img\" draggable=\"false\" src=\"https:\/\/s.w.org\/images\/core\/emoji\/14.0.0\/svg\/2705.svg\" alt=\"\u2705\" \/><\/strong> NORMANNIA &#8211; ROUEN PARC EXPO (76) &#8211; 24 et 25 f\u00e9vrier 2024<\/strong><\/p><p><strong style=\"color: var( --e-global-color-text ); font-family: var( --e-global-typography-text-font-family ), Sans-serif; background-color: var(--nv-site-bg);\"><strong><img decoding=\"async\" class=\"emoji\" role=\"img\" draggable=\"false\" src=\"https:\/\/s.w.org\/images\/core\/emoji\/14.0.0\/svg\/2705.svg\" alt=\"\u2705\" \/><\/strong> LE MARCH\u00c9 DES CHEVALI\u00c8RES &#8211; B\u00e9cherel (35) &#8211; 5 mai 2024<\/strong><\/p><p><strong style=\"color: var( --e-global-color-text ); font-family: var( --e-global-typography-text-font-family ), Sans-serif; background-color: var(--nv-site-bg);\"><strong><img decoding=\"async\" class=\"emoji\" role=\"img\" draggable=\"false\" src=\"https:\/\/s.w.org\/images\/core\/emoji\/14.0.0\/svg\/2705.svg\" alt=\"\u2705\" \/><\/strong> LA BAILL\u00c9E DES FILLES &#8211; LES PONTS DE C\u00c9 (49) &#8211; 8 et 9 MAI 2024<\/strong><\/p><p><strong style=\"color: var( --e-global-color-text ); font-family: var( --e-global-typography-text-font-family ), Sans-serif; background-color: var(--nv-site-bg);\"><strong><img decoding=\"async\" class=\"emoji\" role=\"img\" draggable=\"false\" src=\"https:\/\/s.w.org\/images\/core\/emoji\/14.0.0\/svg\/2705.svg\" alt=\"\u2705\" \/><\/strong> TTO LES ALCHIMISTES IVRES AUX FLEURS DU MALT &#8211; Nantes (44) &#8211; 11 mai 2024<\/strong><\/p><p><strong style=\"color: var( --e-global-color-text ); font-family: var( --e-global-typography-text-font-family ), Sans-serif; background-color: var(--nv-site-bg);\"><strong><img decoding=\"async\" class=\"emoji\" role=\"img\" draggable=\"false\" src=\"https:\/\/s.w.org\/images\/core\/emoji\/14.0.0\/svg\/2705.svg\" alt=\"\u2705\" \/><\/strong> FESTIVAL FENRIR &#8211; LIFFR\u00c9 (35) &#8211; 18 et 19 mai 2024<\/strong><\/p><p><strong style=\"color: var( --e-global-color-text ); font-family: var( --e-global-typography-text-font-family ), Sans-serif; background-color: var(--nv-site-bg);\"><strong><img decoding=\"async\" class=\"emoji\" role=\"img\" draggable=\"false\" src=\"https:\/\/s.w.org\/images\/core\/emoji\/14.0.0\/svg\/2705.svg\" alt=\"\u2705\" \/><\/strong> FESTIVAL LID AR MORRIGAN &#8211; VALLET (44) &#8211; 25 mai 2024<\/strong><\/p><p><strong style=\"color: var( --e-global-color-text ); font-family: var( --e-global-typography-text-font-family ), Sans-serif; background-color: var(--nv-site-bg);\"><strong><img decoding=\"async\" class=\"emoji\" role=\"img\" draggable=\"false\" src=\"https:\/\/s.w.org\/images\/core\/emoji\/14.0.0\/svg\/2705.svg\" alt=\"\u2705\" \/><\/strong> LES M\u00c9DI\u00c9VALES DE SAINT PHILBERT DE GRAND-LIEU &#8211; Saint Philbert de Grand-Lieu (44) &#8211; 1 et 2 juin 2024<\/strong><\/p><p><strong style=\"color: var( --e-global-color-text ); font-family: var( --e-global-typography-text-font-family ), Sans-serif; background-color: var(--nv-site-bg);\"><strong><img decoding=\"async\" class=\"emoji\" role=\"img\" draggable=\"false\" src=\"https:\/\/s.w.org\/images\/core\/emoji\/14.0.0\/svg\/2705.svg\" alt=\"\u2705\" \/><\/strong> MARCH\u00c9 M\u00c9DI\u00c9VAL ARTISANAL DU BYGGVIR &#8211; Foug\u00e8res (35) &#8211; 30 juin 2024<\/strong><\/p><p><strong style=\"color: var( --e-global-color-text ); font-family: var( --e-global-typography-text-font-family ), Sans-serif; background-color: var(--nv-site-bg);\"><strong><img decoding=\"async\" class=\"emoji\" role=\"img\" draggable=\"false\" src=\"https:\/\/s.w.org\/images\/core\/emoji\/14.0.0\/svg\/2705.svg\" alt=\"\u2705\" \/><\/strong> FESTIVAL M\u00c9DI\u00c9VAL DE JOSSELIN &#8211; Josselin (56) &#8211; 13 et 14 juillet 2024<\/strong><\/p><p><strong><strong style=\"color: var( --e-global-color-text ); font-family: var( --e-global-typography-text-font-family ), Sans-serif; background-color: var(--nv-site-bg);\"><img decoding=\"async\" class=\"emoji\" role=\"img\" draggable=\"false\" src=\"https:\/\/s.w.org\/images\/core\/emoji\/14.0.0\/svg\/2705.svg\" alt=\"\u2705\" \/> <\/strong>LES M\u00c9DI\u00c9VALES D&rsquo;HENNEBONT &#8211; Hennebont (56) &#8211; 27 et 28 juillet 2024<\/strong><\/p><p><strong style=\"color: var( --e-global-color-text ); font-family: var( --e-global-typography-text-font-family ), Sans-serif; background-color: var(--nv-site-bg);\"><strong><img decoding=\"async\" class=\"emoji\" role=\"img\" draggable=\"false\" src=\"https:\/\/s.w.org\/images\/core\/emoji\/14.0.0\/svg\/2705.svg\" alt=\"\u2705\" \/><\/strong> LES ESTIVALES FANTASTIQUES &#8211; Auray &#8211; Port Saint Goustan (56) &#8211; 30 juillet 2024<\/strong><\/p><p><strong><strong style=\"color: var( --e-global-color-text ); font-family: var( --e-global-typography-text-font-family ), Sans-serif; background-color: var(--nv-site-bg);\"><img decoding=\"async\" class=\"emoji\" role=\"img\" draggable=\"false\" src=\"https:\/\/s.w.org\/images\/core\/emoji\/14.0.0\/svg\/2705.svg\" alt=\"\u2705\" \/> <\/strong>LES M\u00c9DI\u00c9VALES DE BROC\u00c9LIANDE &#8211; Chateau de Comper, Concoret (56) &#8211; 3 et 4 Ao\u00fbt 2024<\/strong><\/p><p><strong><strong style=\"color: var( --e-global-color-text ); font-family: var( --e-global-typography-text-font-family ), Sans-serif; background-color: var(--nv-site-bg);\"><img decoding=\"async\" class=\"emoji\" role=\"img\" draggable=\"false\" src=\"https:\/\/s.w.org\/images\/core\/emoji\/14.0.0\/svg\/2705.svg\" alt=\"\u2705\" \/> <\/strong>LA M\u00c9DI\u00c9VALE DU PAYS DE GRAND-FOUGERAY &#8211; Grand-Fougeray (35) &#8211; 24 et 25 ao\u00fbt 2024<\/strong><\/p><p><strong><strong style=\"color: var( --e-global-color-text ); font-family: var( --e-global-typography-text-font-family ), Sans-serif; background-color: var(--nv-site-bg);\"><img decoding=\"async\" class=\"emoji\" role=\"img\" draggable=\"false\" src=\"https:\/\/s.w.org\/images\/core\/emoji\/14.0.0\/svg\/2705.svg\" alt=\"\u2705\" \/> <\/strong>EN-TERRE FANTASTIQUE &#8211; Rochefort-en-Terre (56) &#8211; 31 ao\u00fbt et 1 septembre 2024<\/strong><\/p><p><strong><strong style=\"color: var( --e-global-color-text ); font-family: var( --e-global-typography-text-font-family ), Sans-serif; background-color: var(--nv-site-bg);\"><img decoding=\"async\" class=\"emoji\" role=\"img\" draggable=\"false\" src=\"https:\/\/s.w.org\/images\/core\/emoji\/14.0.0\/svg\/2705.svg\" alt=\"\u2705\" \/> <\/strong>CIDRE ET DRAGON &#8211; MERVILLE-FRANCEVILLE (14) &#8211; 21 et 22 septembre 2024<\/strong><\/p><p><strong><strong style=\"color: var( --e-global-color-text ); font-family: var( --e-global-typography-text-font-family ), Sans-serif; background-color: var(--nv-site-bg);\"><img decoding=\"async\" class=\"emoji\" role=\"img\" draggable=\"false\" src=\"https:\/\/s.w.org\/images\/core\/emoji\/14.0.0\/svg\/2705.svg\" alt=\"\u2705\" \/> <\/strong>SUR LES TERRES DE L&rsquo;UNIQUE &#8211; Plestin les Gr\u00e8ves (22) &#8211; 28 et 29 septembre 2024<\/strong><\/p><p><strong><strong style=\"color: var( --e-global-color-text ); font-family: var( --e-global-typography-text-font-family ), Sans-serif; background-color: var(--nv-site-bg);\"><img decoding=\"async\" class=\"emoji\" role=\"img\" draggable=\"false\" src=\"https:\/\/s.w.org\/images\/core\/emoji\/14.0.0\/svg\/2705.svg\" alt=\"\u2705\" \/> <\/strong>YFFRENDIL FEST &#8211; Salon du jeu de r\u00f4le et de l&rsquo;imaginaire &#8211; Yvignac la Tour (22) &#8211; 19 et 20 octobre 2024<\/strong><\/p><p><strong><strong style=\"color: var( --e-global-color-text ); font-family: var( --e-global-typography-text-font-family ), Sans-serif; background-color: var(--nv-site-bg);\"><img decoding=\"async\" class=\"emoji\" role=\"img\" draggable=\"false\" src=\"https:\/\/s.w.org\/images\/core\/emoji\/14.0.0\/svg\/2705.svg\" alt=\"\u2705\" \/> <\/strong>YFFRENDIL FEST &#8211; March\u00e9 de No\u00ebl du Fantastique &#8211; Yvignac la Tour (22) &#8211; 23 et 24 novembre 2024<\/strong><\/p><\/div>\n\t\t\t\t<\/div>\n\t\t\t\t\t\t\t<div class=\"elementor-accordion-item\">\n\t\t\t\t\t<div id=\"elementor-tab-title-1883\" class=\"elementor-tab-title\" data-tab=\"3\" role=\"button\" aria-controls=\"elementor-tab-content-1883\" aria-expanded=\"false\">\n\t\t\t\t\t\t\t\t\t\t\t\t\t<span class=\"elementor-accordion-icon elementor-accordion-icon-left\" aria-hidden=\"true\">\n\t\t\t\t\t\t\t\t\t\t\t\t\t\t\t<span class=\"elementor-accordion-icon-closed\"><i class=\"fas fa-plus\"><\/i><\/span>\n\t\t\t\t\t\t\t\t<span class=\"elementor-accordion-icon-opened\"><i class=\"fas fa-minus\"><\/i><\/span>\n\t\t\t\t\t\t\t\t\t\t\t\t\t\t<\/span>\n\t\t\t\t\t\t\t\t\t\t\t\t<a class=\"elementor-accordion-title\" tabindex=\"0\">2023<\/a>\n\t\t\t\t\t<\/div>\n\t\t\t\t\t<div id=\"elementor-tab-content-1883\" class=\"elementor-tab-content elementor-clearfix\" data-tab=\"3\" role=\"region\" aria-labelledby=\"elementor-tab-title-1883\"><h2 style=\"letter-spacing: normal; font-family: Roboto Condensed, var(--nv-fallback-ff);\"><strong><u>AGENDA 2023<\/u><\/strong><\/h2><p><strong style=\"color: var( --e-global-color-text ); font-family: var( --e-global-typography-text-font-family ), Sans-serif; background-color: var(--nv-site-bg);\"><strong><img decoding=\"async\" class=\"emoji\" role=\"img\" draggable=\"false\" src=\"https:\/\/s.w.org\/images\/core\/emoji\/14.0.0\/svg\/2705.svg\" alt=\"\u2705\" \/><\/strong> NORMANNIA &#8211; ROUEN PARC EXPO (76) &#8211; 11 et 12 f\u00e9vrier 2023<\/strong><\/p><p><strong style=\"color: var( --e-global-color-text ); font-family: var( --e-global-typography-text-font-family ), Sans-serif; background-color: var(--nv-site-bg);\"><strong><img decoding=\"async\" class=\"emoji\" role=\"img\" draggable=\"false\" src=\"https:\/\/s.w.org\/images\/core\/emoji\/14.0.0\/svg\/2705.svg\" alt=\"\u2705\" \/><\/strong> LA BAILL\u00c9E DES FILLES &#8211; LES PONTS DE C\u00c9 (49) &#8211; 17 et 18 MAI 2023<\/strong><\/p><p class=\"m_-25657377034286703gmail-MsoNormal\"><strong style=\"color: var( --e-global-color-text ); font-family: var( --e-global-typography-text-font-family ), Sans-serif; background-color: var(--nv-site-bg);\"><strong><img decoding=\"async\" class=\"emoji\" role=\"img\" draggable=\"false\" src=\"https:\/\/s.w.org\/images\/core\/emoji\/14.0.0\/svg\/2705.svg\" alt=\"\u2705\" \/><\/strong> LES GEEK FAERIES &#8211; CHATEAU DE SELLES SUR CHER (41) &#8211; 2,3 et 4 Juin 2023<\/strong><\/p><p><strong style=\"color: var( --e-global-color-text ); font-family: var( --e-global-typography-text-font-family ), Sans-serif; background-color: var(--nv-site-bg);\"><strong><img decoding=\"async\" class=\"emoji\" role=\"img\" draggable=\"false\" src=\"https:\/\/s.w.org\/images\/core\/emoji\/14.0.0\/svg\/2705.svg\" alt=\"\u2705\" \/><\/strong> 38\u00e8me F\u00caTE M\u00c9DI\u00c9VALE &#8211; PROVINS (77) &#8211; 10 et 11 Juin 2023<\/strong><\/p><p><strong><strong style=\"color: var( --e-global-color-text ); font-family: var( --e-global-typography-text-font-family ), Sans-serif; background-color: var(--nv-site-bg);\"><img decoding=\"async\" class=\"emoji\" role=\"img\" draggable=\"false\" src=\"https:\/\/s.w.org\/images\/core\/emoji\/14.0.0\/svg\/2705.svg\" alt=\"\u2705\" \/> <\/strong>LE COMPLET HIP HOP &#8211; PORNIC (44) &#8211; 16 Juin 2023<\/strong><\/p><p><strong><strong style=\"color: var( --e-global-color-text ); font-family: var( --e-global-typography-text-font-family ), Sans-serif; background-color: var(--nv-site-bg);\"><img decoding=\"async\" class=\"emoji\" role=\"img\" draggable=\"false\" src=\"https:\/\/s.w.org\/images\/core\/emoji\/14.0.0\/svg\/2705.svg\" alt=\"\u2705\" \/> <\/strong>MARCH\u00c9S ARTISANAUX &#8211; NANTES CAMPING DU PORT (44) &#8211; 18 et 25 juillet 2023<\/strong><\/p><p><strong><strong style=\"color: var( --e-global-color-text ); font-family: var( --e-global-typography-text-font-family ), Sans-serif; background-color: var(--nv-site-bg);\"><img decoding=\"async\" class=\"emoji\" role=\"img\" draggable=\"false\" src=\"https:\/\/s.w.org\/images\/core\/emoji\/14.0.0\/svg\/2705.svg\" alt=\"\u2705\" \/> <\/strong>LES M\u00c9DI\u00c9VALES DE BROC\u00c9LIANDE &#8211; Chateau de Comper, Concoret (56) &#8211; 5 et 6 Ao\u00fbt 2023<\/strong><\/p><p><strong><strong style=\"color: var( --e-global-color-text ); font-family: var( --e-global-typography-text-font-family ), Sans-serif; background-color: var(--nv-site-bg);\"><img decoding=\"async\" class=\"emoji\" role=\"img\" draggable=\"false\" src=\"https:\/\/s.w.org\/images\/core\/emoji\/14.0.0\/svg\/2705.svg\" alt=\"\u2705\" \/> <\/strong>LES M\u00c9DI\u00c9VALES DE FALAISE &#8211; FALAISE (14) &#8211; 12 et 13 Ao\u00fbt 2023<\/strong><\/p><p><strong><strong style=\"color: var( --e-global-color-text ); font-family: var( --e-global-typography-text-font-family ), Sans-serif; background-color: var(--nv-site-bg);\"><img decoding=\"async\" class=\"emoji\" role=\"img\" draggable=\"false\" src=\"https:\/\/s.w.org\/images\/core\/emoji\/14.0.0\/svg\/2705.svg\" alt=\"\u2705\" \/> <\/strong>CIDRE ET DRAGON &#8211; MERVILLE-FRANCEVILLE (14) &#8211; 16 et 17 septembre 2023<\/strong><\/p><p><strong><strong style=\"color: var( --e-global-color-text ); font-family: var( --e-global-typography-text-font-family ), Sans-serif; background-color: var(--nv-site-bg);\"><img decoding=\"async\" class=\"emoji\" role=\"img\" draggable=\"false\" src=\"https:\/\/s.w.org\/images\/core\/emoji\/14.0.0\/svg\/2705.svg\" alt=\"\u2705\" \/> <\/strong>MEDIEVAL THRONE &#8211; YVRE L&rsquo;EVEQUE (72) &#8211; 7 et 8 octobre 2023<\/strong><\/p><p><strong style=\"color: var( --e-global-color-text ); font-family: var( --e-global-typography-text-font-family ), Sans-serif; background-color: var(--nv-site-bg);\"><strong><img decoding=\"async\" class=\"emoji\" role=\"img\" draggable=\"false\" src=\"https:\/\/s.w.org\/images\/core\/emoji\/14.0.0\/svg\/2705.svg\" alt=\"\u2705\" \/> MARCH\u00c9 DE NO\u00cbL BRASSERIE AEROFAB &#8211; SAUTRON (44) &#8211; 16 d\u00e9cembre 2023<\/strong><\/strong><\/p><\/div>\n\t\t\t\t<\/div>\n\t\t\t\t\t\t\t<div class=\"elementor-accordion-item\">\n\t\t\t\t\t<div id=\"elementor-tab-title-1884\" class=\"elementor-tab-title\" data-tab=\"4\" role=\"button\" aria-controls=\"elementor-tab-content-1884\" aria-expanded=\"false\">\n\t\t\t\t\t\t\t\t\t\t\t\t\t<span class=\"elementor-accordion-icon elementor-accordion-icon-left\" aria-hidden=\"true\">\n\t\t\t\t\t\t\t\t\t\t\t\t\t\t\t<span class=\"elementor-accordion-icon-closed\"><i class=\"fas fa-plus\"><\/i><\/span>\n\t\t\t\t\t\t\t\t<span class=\"elementor-accordion-icon-opened\"><i class=\"fas fa-minus\"><\/i><\/span>\n\t\t\t\t\t\t\t\t\t\t\t\t\t\t<\/span>\n\t\t\t\t\t\t\t\t\t\t\t\t<a class=\"elementor-accordion-title\" tabindex=\"0\">2022<\/a>\n\t\t\t\t\t<\/div>\n\t\t\t\t\t<div id=\"elementor-tab-content-1884\" class=\"elementor-tab-content elementor-clearfix\" data-tab=\"4\" role=\"region\" aria-labelledby=\"elementor-tab-title-1884\"><h2><strong><u>AGENDA 2022<\/u><\/strong><\/h2><div><div><strong><img decoding=\"async\" class=\"emoji\" role=\"img\" draggable=\"false\" src=\"https:\/\/s.w.org\/images\/core\/emoji\/14.0.0\/svg\/2705.svg\" alt=\"\u2705\" \/>\u00a0MARCH\u00c9 DE CR\u00c9ATEURS BRASSERIE AEROFAB &#8211; SAUTRON (44) &#8211; 12 f\u00e9vrier 2022<\/strong><\/div><div><div>Venez d\u00e9couvrir et rencontrer des cr\u00e9atrices, cr\u00e9ateurs, artisans locaux le temps d&rsquo;une apr\u00e8s midi \u00e0 la Brasserie Aerofab. Samedi 12 f\u00e9vrier 2021, de 12h \u00e0 18h, venez d\u00e9nicher des cadeaux par\u00e9s \u00e0 faire plaisir !<\/div><div><img decoding=\"async\" data-recalc-dims=\"1\" src=\"https:\/\/i0.wp.com\/www.facebook.com\/images\/emoji.php\/v9\/t4e\/2\/16\/1faa7.png?resize=16%2C16&#038;ssl=1\" alt=\"\ud83e\udea7\" width=\"16\" height=\"16\" \/>\u00a0<strong>18 rue du Moulin &#8211; Sautron<\/strong><\/div><div>\u00a0<\/div><div><div><strong><img decoding=\"async\" class=\"emoji\" role=\"img\" draggable=\"false\" src=\"https:\/\/s.w.org\/images\/core\/emoji\/14.0.0\/svg\/2705.svg\" alt=\"\u2705\" \/>\u00a0<\/strong><strong>LA GRANGE DES CR\u00c9ATEURS &#8211; MANOIR DE L&rsquo;\u00c9PAU \u00c0 LA CHAPELLE SUR ERDRE &#8211; 8 mai 2022<\/strong><\/div><div>Retrouvez moi avec 25 autres cr\u00e9ateurs dans la cour du Manoir de l&rsquo;\u00c9pau \u00e0 la Chapelle sur Erdre le dimanche 8 mai de 10h \u00e0 18h.<br \/><a href=\"https:\/\/goo.gl\/maps\/UW5duWfnraba2pKu9\" target=\"_blank\" rel=\"noopener\">Lien GPS<\/a><\/div><div>\u00a0<\/div><div><div><strong><img decoding=\"async\" class=\"emoji\" role=\"img\" draggable=\"false\" src=\"https:\/\/s.w.org\/images\/core\/emoji\/14.0.0\/svg\/2705.svg\" alt=\"\u2705\" \/>\u00a0MARCH\u00c9 DES CR\u00c9ATEURS &#8211; CHATEAU DE LA DROITI\u00c8RE \u00c0 MAUVES SUR LOIRE &#8211; 22 mai 2022<\/strong><\/div><div>Retrouvez moi avec 45 autres cr\u00e9ateurs pour cette seconde \u00e9dition du March\u00e9 des Cr\u00e9ateurs au Chateau de la Droiti\u00e8re. Le dimanche 22 mai de 10h \u00e0 18h.<\/div><div><a href=\"https:\/\/goo.gl\/maps\/gaRgfprwryeiDVam8\" target=\"_blank\" rel=\"noopener\">Lien GPS<\/a><\/div><\/div><\/div><\/div><div>\u00a0<\/div><\/div><div><strong><img decoding=\"async\" class=\"emoji\" role=\"img\" draggable=\"false\" src=\"https:\/\/s.w.org\/images\/core\/emoji\/14.0.0\/svg\/2705.svg\" alt=\"\u2705\" \/><\/strong><strong>\u00a0<\/strong><strong>LES FEERIES DU BOCAGE &#8211; DORMELLES (77) &#8211; 4 et 5 juin 2022<\/strong><\/div><div>Le festival des F\u00e9\u00e9ries du Bocage m\u2019accueillera les 4 et 5 juin 2022 \u00e0 Dormelles (Seine et Marne). Pendant deux jours, les visiteurs auront la chance de rencontrer des artisans, auteurs, illustrateurs, conf\u00e9renciers, conteurs, personnages tous droits sortis de l\u2019imaginaire et du merveilleux et pourront participer aux nombreuses animations pr\u00e9vues tout au long du week end.<br \/><a href=\"https:\/\/goo.gl\/maps\/3SyZ2BRaBBHFpHhV6\">Lien GPS\u00a0<\/a><\/div><div>\u00a0<\/div><p><strong><img decoding=\"async\" class=\"emoji\" role=\"img\" draggable=\"false\" src=\"https:\/\/s.w.org\/images\/core\/emoji\/14.0.0\/svg\/2705.svg\" alt=\"\u2705\" \/><\/strong><strong>\u00a0<\/strong><strong>LE COMPLET HIP HOP &#8211; PORNIC (44) &#8211; 18 Juin 2022<br \/><\/strong>Retrouvez mon stand au village artisan du complet HIP HOP organis\u00e9 par l&rsquo;association P2A \u00e0 l&rsquo;espace Val Saint Martin de Pornic.<br \/><a href=\"https:\/\/goo.gl\/maps\/cW2fAFvw1kdcfoT96\">Lien GPS<\/a><\/p><div><p><strong><img decoding=\"async\" class=\"emoji\" role=\"img\" draggable=\"false\" src=\"https:\/\/s.w.org\/images\/core\/emoji\/14.0.0\/svg\/2705.svg\" alt=\"\u2705\" \/>\u00a0<\/strong><strong>MARCH\u00c9S ARTISANAUX &#8211; NANTES CAMPING DU PORT (44) &#8211; 19, 26 juillet et 2, 9 ao\u00fbt 2022<br \/><\/strong>Retrouvez mon stand de 18h30 \u00e0 21h30 les mardis soirs \u00e0 l&rsquo;entr\u00e9e du camping lors des march\u00e9s artisanaux.\u00a0<br \/><a href=\"https:\/\/g.page\/nantes-camping?share\">Lien GPS<\/a><strong><br \/><\/strong><\/p><p><strong><img decoding=\"async\" class=\"emoji\" role=\"img\" draggable=\"false\" src=\"https:\/\/s.w.org\/images\/core\/emoji\/14.0.0\/svg\/2705.svg\" alt=\"\u2705\" \/>\u00a0<\/strong><strong>MARCH\u00c9S ARTISANAUX &#8211; LES MOUTIERS EN RETZ (44) &#8211; 20 juillet et 17 ao\u00fbt 2022<br \/><\/strong>Retrouvez mon stand toute la journ\u00e9e sur la place de l&rsquo;\u00e9glise des Moutiers en Retz pour 2 march\u00e9s artisanaux, un en juillet et un en ao\u00fbt.\u00a0<br \/><a href=\"https:\/\/goo.gl\/maps\/bgLuxECMnF6T97iu9\">Lien GPS<\/a><strong><br \/><\/strong><\/p><p><strong><img decoding=\"async\" class=\"emoji\" role=\"img\" draggable=\"false\" src=\"https:\/\/s.w.org\/images\/core\/emoji\/14.0.0\/svg\/2705.svg\" alt=\"\u2705\" \/>\u00a0<\/strong><strong>CIDRE ET DRAGON &#8211; MERVILLE-FRANCEVILLE (14) &#8211; 17 et 18 septembre 2022<\/strong><br \/>Le weekend du 17 et 18 septembre pour le festival fantastique Cidre et Dragon, \u00e0 Merville Franceville Plage.<br \/><a href=\"https:\/\/goo.gl\/maps\/Rq4FJEKNh89wTceTA\">Lien GPS<\/a><\/p><\/div><p><strong><img decoding=\"async\" class=\"emoji\" role=\"img\" draggable=\"false\" src=\"https:\/\/s.w.org\/images\/core\/emoji\/14.0.0\/svg\/2705.svg\" alt=\"\u2705\" \/>\u00a0<\/strong><strong>MARCH\u00c9 DE NO\u00cbL &#8211; OUDON (44) &#8211; 26 et 27 novembre 2022<\/strong><br \/>Retrouvez mon stand lors du march\u00e9 de no\u00ebl de la ville d&rsquo;Oudon !<br \/><a href=\"https:\/\/goo.gl\/maps\/XkMRZrVYcZRg1zn39\">Lien GPS<\/a><\/p><p><strong><img decoding=\"async\" class=\"emoji\" role=\"img\" draggable=\"false\" src=\"https:\/\/s.w.org\/images\/core\/emoji\/14.0.0\/svg\/2705.svg\" alt=\"\u2705\" \/>\u00a0MARCH\u00c9 DE NO\u00cbL BRASSERIE AEROFAB &#8211; SAUTRON (44) &#8211; 3 d\u00e9cembre 2022<\/strong><br \/>Retrouvez mon stand lors du march\u00e9 de no\u00ebl organis\u00e9 par la Brasserie Aerofab !<br \/><a href=\"https:\/\/goo.gl\/maps\/rNNUUnhe5sVHxVMb8\">Lien GPS<\/a><\/p><\/div>\n\t\t\t\t<\/div>\n\t\t\t\t\t\t\t<div class=\"elementor-accordion-item\">\n\t\t\t\t\t<div id=\"elementor-tab-title-1885\" class=\"elementor-tab-title\" data-tab=\"5\" role=\"button\" aria-controls=\"elementor-tab-content-1885\" aria-expanded=\"false\">\n\t\t\t\t\t\t\t\t\t\t\t\t\t<span class=\"elementor-accordion-icon elementor-accordion-icon-left\" aria-hidden=\"true\">\n\t\t\t\t\t\t\t\t\t\t\t\t\t\t\t<span class=\"elementor-accordion-icon-closed\"><i class=\"fas fa-plus\"><\/i><\/span>\n\t\t\t\t\t\t\t\t<span class=\"elementor-accordion-icon-opened\"><i class=\"fas fa-minus\"><\/i><\/span>\n\t\t\t\t\t\t\t\t\t\t\t\t\t\t<\/span>\n\t\t\t\t\t\t\t\t\t\t\t\t<a class=\"elementor-accordion-title\" tabindex=\"0\">2021<\/a>\n\t\t\t\t\t<\/div>\n\t\t\t\t\t<div id=\"elementor-tab-content-1885\" class=\"elementor-tab-content elementor-clearfix\" data-tab=\"5\" role=\"region\" aria-labelledby=\"elementor-tab-title-1885\"><h2 style=\"letter-spacing: normal; font-family: Roboto Condensed, var(--nv-fallback-ff);\"><strong><u>AGENDA 2021<\/u><\/strong><\/h2><div><p><strong style=\"color: var( --e-global-color-text ); font-family: var( --e-global-typography-text-font-family ), Sans-serif; background-color: var(--nv-site-bg);\">\u2705\u00a0<\/strong><span style=\"font-weight: bold; color: var( --e-global-color-text ); font-family: var( --e-global-typography-text-font-family ), Sans-serif; background-color: var(--nv-site-bg);\">March\u00e9 nocturne des artisans &#8211;\u00a0<\/span><span style=\"color: var( --e-global-color-text ); font-family: var( --e-global-typography-text-font-family ), Sans-serif;\"><span style=\"font-weight: bold;\">LA BERNERIE EN RETZ &#8211; \u00e9t\u00e9 2021<\/span><br \/><\/span><span style=\"color: var( --e-global-color-text ); font-family: var( --e-global-typography-text-font-family ), Sans-serif; font-weight: var( --e-global-typography-text-font-weight );\">Tous les jeudis de\u00a0<strong>juillet et ao\u00fbt 2021<\/strong>\u00a0retrouvez moi au march\u00e9 nocturne des artisans \u00e0 la Bernerie en Retz ! Les 8, 15, 22, 29 juillet et les 5, 12, 19, 26 ao\u00fbt j&rsquo;installerai mon stand sous les halles de 18h \u00e0 minuit. Venez nombreux !<br \/><\/span><a href=\"https:\/\/goo.gl\/maps\/Suxbthz6HFspX2UV9\">Lien GPS<\/a><\/p><p><strong style=\"color: var( --e-global-color-text ); font-family: var( --e-global-typography-text-font-family ), Sans-serif; background-color: var(--nv-site-bg);\">\u2705\u00a0<\/strong><span style=\"font-weight: bold; color: var( --e-global-color-text ); font-family: var( --e-global-typography-text-font-family ), Sans-serif; background-color: var(--nv-site-bg);\">March\u00e9 artisanal et gourmand &#8211;\u00a0<\/span><span style=\"font-weight: bold;\">CARQUEFOU &#8211; Dimanche 3 octobre 2021<\/span>\u00a0&#8211;\u00a0\u00a0<br \/>De 10h \u00e0 17h, march\u00e9 en ext\u00e9rieur avec une quinzaine d&rsquo;artisans et une dizaine de producteurs locaux. Restauration possible sur place.<br \/><a href=\"https:\/\/goo.gl\/maps\/uFF44PrPDd2BavcF6\" target=\"_blank\" rel=\"noopener\">Lien GPS\u00a0<\/a><strong style=\"color: var( --e-global-color-text ); font-family: var( --e-global-typography-text-font-family ), Sans-serif; background-color: var(--nv-site-bg);\">\u00a0<\/strong><\/p><div><p><strong style=\"color: var( --e-global-color-text ); font-family: var( --e-global-typography-text-font-family ), Sans-serif; background-color: var(--nv-site-bg);\">\u2705\u00a0<\/strong><strong style=\"color: var( --e-global-color-text ); font-family: var( --e-global-typography-text-font-family ), Sans-serif; background-color: var(--nv-site-bg);\">March\u00e9 de No\u00ebl &#8211;\u00a0<\/strong><strong>AIGREFEUILLE SUR MAINE &#8211; 4 et 5 d\u00e9cembre 2021\u00a0<\/strong><br \/>Le samedi 4 d\u00e9cembre de 15h \u00e0 20h et le dimanche 5 d\u00e9cembre de 10h \u00e0 18h au complexe des Richardi\u00e8res.<br \/><a style=\"font-family: var( --e-global-typography-text-font-family ), Sans-serif; font-weight: var( --e-global-typography-text-font-weight ); background-color: var(--nv-site-bg);\" href=\"https:\/\/goo.gl\/maps\/Rq4FJEKNh89wTceTA\">Lien GPS<\/a><\/p><\/div><\/div><\/div>\n\t\t\t\t<\/div>\n\t\t\t\t\t\t\t\t<\/div>\n\t\t\t\t\t\t<\/div>\n\t\t\t\t<\/div>\n\t\t\t\t\t<\/div>\n\t\t<\/div>\n\t\t\t\t<div class=\"elementor-column elementor-col-66 elementor-top-column elementor-element elementor-element-c734491\" data-id=\"c734491\" data-element_type=\"column\" data-e-type=\"column\">\n\t\t\t<div class=\"elementor-widget-wrap elementor-element-populated\">\n\t\t\t\t\t\t<div class=\"elementor-element elementor-element-8fbd720 elementor-widget elementor-widget-image\" data-id=\"8fbd720\" data-element_type=\"widget\" data-e-type=\"widget\" data-widget_type=\"image.default\">\n\t\t\t\t<div class=\"elementor-widget-container\">\n\t\t\t\t\t\t\t\t\t\t\t\t\t\t\t<img fetchpriority=\"high\" decoding=\"async\" width=\"819\" height=\"1024\" src=\"https:\/\/i0.wp.com\/bohemian-feathers-jewelry.fr\/wp-content\/uploads\/2024\/02\/348586498_571653355114801_66818426790521852_n.jpg?fit=819%2C1024&amp;ssl=1\" class=\"attachment-large size-large wp-image-14573\" alt=\"\" srcset=\"https:\/\/i0.wp.com\/bohemian-feathers-jewelry.fr\/wp-content\/uploads\/2024\/02\/348586498_571653355114801_66818426790521852_n.jpg?w=1440&amp;ssl=1 1440w, https:\/\/i0.wp.com\/bohemian-feathers-jewelry.fr\/wp-content\/uploads\/2024\/02\/348586498_571653355114801_66818426790521852_n.jpg?resize=240%2C300&amp;ssl=1 240w, https:\/\/i0.wp.com\/bohemian-feathers-jewelry.fr\/wp-content\/uploads\/2024\/02\/348586498_571653355114801_66818426790521852_n.jpg?resize=819%2C1024&amp;ssl=1 819w, https:\/\/i0.wp.com\/bohemian-feathers-jewelry.fr\/wp-content\/uploads\/2024\/02\/348586498_571653355114801_66818426790521852_n.jpg?resize=768%2C960&amp;ssl=1 768w, https:\/\/i0.wp.com\/bohemian-feathers-jewelry.fr\/wp-content\/uploads\/2024\/02\/348586498_571653355114801_66818426790521852_n.jpg?resize=1229%2C1536&amp;ssl=1 1229w, https:\/\/i0.wp.com\/bohemian-feathers-jewelry.fr\/wp-content\/uploads\/2024\/02\/348586498_571653355114801_66818426790521852_n.jpg?resize=10%2C12&amp;ssl=1 10w, https:\/\/i0.wp.com\/bohemian-feathers-jewelry.fr\/wp-content\/uploads\/2024\/02\/348586498_571653355114801_66818426790521852_n.jpg?resize=600%2C750&amp;ssl=1 600w\" sizes=\"(max-width: 819px) 100vw, 819px\" \/>\t\t\t\t\t\t\t\t\t\t\t\t\t\t\t<\/div>\n\t\t\t\t<\/div>\n\t\t\t\t<div class=\"elementor-element elementor-element-5756b6e elementor-widget elementor-widget-text-editor\" data-id=\"5756b6e\" data-element_type=\"widget\" data-e-type=\"widget\" data-widget_type=\"text-editor.default\">\n\t\t\t\t<div class=\"elementor-widget-container\">\n\t\t\t\t\t\t\t\t\t<p><em>Mai 2023 &#8211; La Baill\u00e9e des Filles<\/em><\/p>\t\t\t\t\t\t\t\t<\/div>\n\t\t\t\t<\/div>\n\t\t\t\t<div class=\"elementor-element elementor-element-0768f61 elementor-widget elementor-widget-image\" data-id=\"0768f61\" data-element_type=\"widget\" data-e-type=\"widget\" data-widget_type=\"image.default\">\n\t\t\t\t<div class=\"elementor-widget-container\">\n\t\t\t\t\t\t\t\t\t\t\t\t\t\t\t<img decoding=\"async\" width=\"960\" height=\"960\" src=\"https:\/\/i0.wp.com\/bohemian-feathers-jewelry.fr\/wp-content\/uploads\/2024\/02\/353661930_638663428282363_2811266712054323534_n.jpg?fit=960%2C960&amp;ssl=1\" class=\"attachment-large size-large wp-image-14574\" alt=\"\" srcset=\"https:\/\/i0.wp.com\/bohemian-feathers-jewelry.fr\/wp-content\/uploads\/2024\/02\/353661930_638663428282363_2811266712054323534_n.jpg?w=960&amp;ssl=1 960w, https:\/\/i0.wp.com\/bohemian-feathers-jewelry.fr\/wp-content\/uploads\/2024\/02\/353661930_638663428282363_2811266712054323534_n.jpg?resize=300%2C300&amp;ssl=1 300w, https:\/\/i0.wp.com\/bohemian-feathers-jewelry.fr\/wp-content\/uploads\/2024\/02\/353661930_638663428282363_2811266712054323534_n.jpg?resize=150%2C150&amp;ssl=1 150w, https:\/\/i0.wp.com\/bohemian-feathers-jewelry.fr\/wp-content\/uploads\/2024\/02\/353661930_638663428282363_2811266712054323534_n.jpg?resize=768%2C768&amp;ssl=1 768w, https:\/\/i0.wp.com\/bohemian-feathers-jewelry.fr\/wp-content\/uploads\/2024\/02\/353661930_638663428282363_2811266712054323534_n.jpg?resize=12%2C12&amp;ssl=1 12w, https:\/\/i0.wp.com\/bohemian-feathers-jewelry.fr\/wp-content\/uploads\/2024\/02\/353661930_638663428282363_2811266712054323534_n.jpg?resize=600%2C600&amp;ssl=1 600w, https:\/\/i0.wp.com\/bohemian-feathers-jewelry.fr\/wp-content\/uploads\/2024\/02\/353661930_638663428282363_2811266712054323534_n.jpg?resize=100%2C100&amp;ssl=1 100w\" sizes=\"(max-width: 960px) 100vw, 960px\" \/>\t\t\t\t\t\t\t\t\t\t\t\t\t\t\t<\/div>\n\t\t\t\t<\/div>\n\t\t\t\t<div class=\"elementor-element elementor-element-917ad57 elementor-widget elementor-widget-text-editor\" data-id=\"917ad57\" data-element_type=\"widget\" data-e-type=\"widget\" data-widget_type=\"text-editor.default\">\n\t\t\t\t<div class=\"elementor-widget-container\">\n\t\t\t\t\t\t\t\t\t<p><em>Juin 2023 &#8211; M\u00e9di\u00e9vale de Provins<\/em><\/p>\t\t\t\t\t\t\t\t<\/div>\n\t\t\t\t<\/div>\n\t\t\t\t<div class=\"elementor-element elementor-element-921492f elementor-widget elementor-widget-image\" data-id=\"921492f\" data-element_type=\"widget\" data-e-type=\"widget\" data-widget_type=\"image.default\">\n\t\t\t\t<div class=\"elementor-widget-container\">\n\t\t\t\t\t\t\t\t\t\t\t\t\t\t\t<img loading=\"lazy\" decoding=\"async\" width=\"818\" height=\"1024\" src=\"https:\/\/i0.wp.com\/bohemian-feathers-jewelry.fr\/wp-content\/uploads\/2024\/02\/380166830_693313929483979_8376810883862699759_n.jpg?fit=818%2C1024&amp;ssl=1\" class=\"attachment-large size-large wp-image-14577\" alt=\"\" srcset=\"https:\/\/i0.wp.com\/bohemian-feathers-jewelry.fr\/wp-content\/uploads\/2024\/02\/380166830_693313929483979_8376810883862699759_n.jpg?w=1440&amp;ssl=1 1440w, https:\/\/i0.wp.com\/bohemian-feathers-jewelry.fr\/wp-content\/uploads\/2024\/02\/380166830_693313929483979_8376810883862699759_n.jpg?resize=240%2C300&amp;ssl=1 240w, https:\/\/i0.wp.com\/bohemian-feathers-jewelry.fr\/wp-content\/uploads\/2024\/02\/380166830_693313929483979_8376810883862699759_n.jpg?resize=818%2C1024&amp;ssl=1 818w, https:\/\/i0.wp.com\/bohemian-feathers-jewelry.fr\/wp-content\/uploads\/2024\/02\/380166830_693313929483979_8376810883862699759_n.jpg?resize=768%2C961&amp;ssl=1 768w, https:\/\/i0.wp.com\/bohemian-feathers-jewelry.fr\/wp-content\/uploads\/2024\/02\/380166830_693313929483979_8376810883862699759_n.jpg?resize=1227%2C1536&amp;ssl=1 1227w, https:\/\/i0.wp.com\/bohemian-feathers-jewelry.fr\/wp-content\/uploads\/2024\/02\/380166830_693313929483979_8376810883862699759_n.jpg?resize=10%2C12&amp;ssl=1 10w, https:\/\/i0.wp.com\/bohemian-feathers-jewelry.fr\/wp-content\/uploads\/2024\/02\/380166830_693313929483979_8376810883862699759_n.jpg?resize=600%2C751&amp;ssl=1 600w\" sizes=\"(max-width: 818px) 100vw, 818px\" \/>\t\t\t\t\t\t\t\t\t\t\t\t\t\t\t<\/div>\n\t\t\t\t<\/div>\n\t\t\t\t<div class=\"elementor-element elementor-element-9cf578a elementor-widget elementor-widget-text-editor\" data-id=\"9cf578a\" data-element_type=\"widget\" data-e-type=\"widget\" data-widget_type=\"text-editor.default\">\n\t\t\t\t<div class=\"elementor-widget-container\">\n\t\t\t\t\t\t\t\t\t<p><em>Septembre 2023 &#8211; Cidre &amp; Dragon &#8211; Merville-Franceville<\/em><\/p>\t\t\t\t\t\t\t\t<\/div>\n\t\t\t\t<\/div>\n\t\t\t\t<div class=\"elementor-element elementor-element-f9649d3 elementor-widget elementor-widget-image\" data-id=\"f9649d3\" data-element_type=\"widget\" data-e-type=\"widget\" data-widget_type=\"image.default\">\n\t\t\t\t<div class=\"elementor-widget-container\">\n\t\t\t\t\t\t\t\t\t\t\t\t\t\t\t<img loading=\"lazy\" decoding=\"async\" width=\"819\" height=\"1024\" src=\"https:\/\/i0.wp.com\/bohemian-feathers-jewelry.fr\/wp-content\/uploads\/2024\/02\/IMG_20231218_090702_697-scaled.jpg?fit=819%2C1024&amp;ssl=1\" class=\"attachment-large size-large wp-image-14576\" alt=\"\" srcset=\"https:\/\/i0.wp.com\/bohemian-feathers-jewelry.fr\/wp-content\/uploads\/2024\/02\/IMG_20231218_090702_697-scaled.jpg?w=2048&amp;ssl=1 2048w, https:\/\/i0.wp.com\/bohemian-feathers-jewelry.fr\/wp-content\/uploads\/2024\/02\/IMG_20231218_090702_697-scaled.jpg?resize=240%2C300&amp;ssl=1 240w, https:\/\/i0.wp.com\/bohemian-feathers-jewelry.fr\/wp-content\/uploads\/2024\/02\/IMG_20231218_090702_697-scaled.jpg?resize=819%2C1024&amp;ssl=1 819w, https:\/\/i0.wp.com\/bohemian-feathers-jewelry.fr\/wp-content\/uploads\/2024\/02\/IMG_20231218_090702_697-scaled.jpg?resize=768%2C960&amp;ssl=1 768w, https:\/\/i0.wp.com\/bohemian-feathers-jewelry.fr\/wp-content\/uploads\/2024\/02\/IMG_20231218_090702_697-scaled.jpg?resize=1229%2C1536&amp;ssl=1 1229w, https:\/\/i0.wp.com\/bohemian-feathers-jewelry.fr\/wp-content\/uploads\/2024\/02\/IMG_20231218_090702_697-scaled.jpg?resize=1639%2C2048&amp;ssl=1 1639w, https:\/\/i0.wp.com\/bohemian-feathers-jewelry.fr\/wp-content\/uploads\/2024\/02\/IMG_20231218_090702_697-scaled.jpg?resize=10%2C12&amp;ssl=1 10w, https:\/\/i0.wp.com\/bohemian-feathers-jewelry.fr\/wp-content\/uploads\/2024\/02\/IMG_20231218_090702_697-scaled.jpg?resize=600%2C750&amp;ssl=1 600w\" sizes=\"(max-width: 819px) 100vw, 819px\" \/>\t\t\t\t\t\t\t\t\t\t\t\t\t\t\t<\/div>\n\t\t\t\t<\/div>\n\t\t\t\t<div class=\"elementor-element elementor-element-3eb3501 elementor-widget elementor-widget-text-editor\" data-id=\"3eb3501\" data-element_type=\"widget\" data-e-type=\"widget\" data-widget_type=\"text-editor.default\">\n\t\t\t\t<div class=\"elementor-widget-container\">\n\t\t\t\t\t\t\t\t\t<p><em>D\u00e9cembre 2023 &#8211; Brasserie Aerofab &#8211; Sautron<\/em><\/p>\t\t\t\t\t\t\t\t<\/div>\n\t\t\t\t<\/div>\n\t\t\t\t\t<\/div>\n\t\t<\/div>\n\t\t\t\t\t<\/div>\n\t\t<\/section>\n\t\t\t\t<section class=\"elementor-section elementor-top-section elementor-element elementor-element-0cfbc97 elementor-section-boxed elementor-section-height-default elementor-section-height-default\" data-id=\"0cfbc97\" data-element_type=\"section\" data-e-type=\"section\">\n\t\t\t\t\t\t<div class=\"elementor-container elementor-column-gap-default\">\n\t\t\t\t\t<div class=\"elementor-column elementor-col-100 elementor-top-column elementor-element elementor-element-8b99af9\" data-id=\"8b99af9\" data-element_type=\"column\" data-e-type=\"column\">\n\t\t\t<div class=\"elementor-widget-wrap elementor-element-populated\">\n\t\t\t\t\t\t<div class=\"elementor-element elementor-element-81301ad elementor-widget-divider--view-line elementor-widget elementor-widget-divider\" data-id=\"81301ad\" data-element_type=\"widget\" data-e-type=\"widget\" data-widget_type=\"divider.default\">\n\t\t\t\t<div class=\"elementor-widget-container\">\n\t\t\t\t\t\t\t<div class=\"elementor-divider\">\n\t\t\t<span class=\"elementor-divider-separator\">\n\t\t\t\t\t\t<\/span>\n\t\t<\/div>\n\t\t\t\t\t\t<\/div>\n\t\t\t\t<\/div>\n\t\t\t\t\t<\/div>\n\t\t<\/div>\n\t\t\t\t\t<\/div>\n\t\t<\/section>\n\t\t\t\t<section class=\"elementor-section elementor-top-section elementor-element elementor-element-40c0586 elementor-section-boxed elementor-section-height-default elementor-section-height-default\" data-id=\"40c0586\" data-element_type=\"section\" data-e-type=\"section\">\n\t\t\t\t\t\t<div class=\"elementor-container elementor-column-gap-default\">\n\t\t\t\t\t<div class=\"elementor-column elementor-col-100 elementor-top-column elementor-element elementor-element-f87fe74\" data-id=\"f87fe74\" data-element_type=\"column\" data-e-type=\"column\">\n\t\t\t<div class=\"elementor-widget-wrap elementor-element-populated\">\n\t\t\t\t\t\t<div class=\"elementor-element elementor-element-b165141 elementor-widget elementor-widget-spacer\" data-id=\"b165141\" data-element_type=\"widget\" data-e-type=\"widget\" data-widget_type=\"spacer.default\">\n\t\t\t\t<div class=\"elementor-widget-container\">\n\t\t\t\t\t\t\t<div class=\"elementor-spacer\">\n\t\t\t<div class=\"elementor-spacer-inner\"><\/div>\n\t\t<\/div>\n\t\t\t\t\t\t<\/div>\n\t\t\t\t<\/div>\n\t\t\t\t\t<\/div>\n\t\t<\/div>\n\t\t\t\t\t<\/div>\n\t\t<\/section>\n\t\t\t\t<section class=\"elementor-section elementor-top-section elementor-element elementor-element-b6d5a97 elementor-section-boxed elementor-section-height-default elementor-section-height-default\" data-id=\"b6d5a97\" data-element_type=\"section\" data-e-type=\"section\">\n\t\t\t\t\t\t<div class=\"elementor-container elementor-column-gap-default\">\n\t\t\t\t\t<div class=\"elementor-column elementor-col-50 elementor-top-column elementor-element elementor-element-e60320f\" data-id=\"e60320f\" data-element_type=\"column\" data-e-type=\"column\">\n\t\t\t<div class=\"elementor-widget-wrap elementor-element-populated\">\n\t\t\t\t\t\t<div class=\"elementor-element elementor-element-e7ff221 elementor-widget elementor-widget-image\" data-id=\"e7ff221\" data-element_type=\"widget\" data-e-type=\"widget\" data-widget_type=\"image.default\">\n\t\t\t\t<div class=\"elementor-widget-container\">\n\t\t\t\t\t\t\t\t\t\t\t\t\t\t\t<img loading=\"lazy\" decoding=\"async\" width=\"819\" height=\"1024\" src=\"https:\/\/i0.wp.com\/bohemian-feathers-jewelry.fr\/wp-content\/uploads\/2024\/02\/380172131_693313926150646_8557569167751851319_n.jpg?fit=819%2C1024&amp;ssl=1\" class=\"attachment-large size-large wp-image-14575\" alt=\"\" srcset=\"https:\/\/i0.wp.com\/bohemian-feathers-jewelry.fr\/wp-content\/uploads\/2024\/02\/380172131_693313926150646_8557569167751851319_n.jpg?w=1440&amp;ssl=1 1440w, https:\/\/i0.wp.com\/bohemian-feathers-jewelry.fr\/wp-content\/uploads\/2024\/02\/380172131_693313926150646_8557569167751851319_n.jpg?resize=240%2C300&amp;ssl=1 240w, https:\/\/i0.wp.com\/bohemian-feathers-jewelry.fr\/wp-content\/uploads\/2024\/02\/380172131_693313926150646_8557569167751851319_n.jpg?resize=819%2C1024&amp;ssl=1 819w, https:\/\/i0.wp.com\/bohemian-feathers-jewelry.fr\/wp-content\/uploads\/2024\/02\/380172131_693313926150646_8557569167751851319_n.jpg?resize=768%2C960&amp;ssl=1 768w, https:\/\/i0.wp.com\/bohemian-feathers-jewelry.fr\/wp-content\/uploads\/2024\/02\/380172131_693313926150646_8557569167751851319_n.jpg?resize=1229%2C1536&amp;ssl=1 1229w, https:\/\/i0.wp.com\/bohemian-feathers-jewelry.fr\/wp-content\/uploads\/2024\/02\/380172131_693313926150646_8557569167751851319_n.jpg?resize=10%2C12&amp;ssl=1 10w, https:\/\/i0.wp.com\/bohemian-feathers-jewelry.fr\/wp-content\/uploads\/2024\/02\/380172131_693313926150646_8557569167751851319_n.jpg?resize=600%2C750&amp;ssl=1 600w\" sizes=\"(max-width: 819px) 100vw, 819px\" \/>\t\t\t\t\t\t\t\t\t\t\t\t\t\t\t<\/div>\n\t\t\t\t<\/div>\n\t\t\t\t<div class=\"elementor-element elementor-element-5acf7b0 elementor-widget elementor-widget-text-editor\" data-id=\"5acf7b0\" data-element_type=\"widget\" data-e-type=\"widget\" data-widget_type=\"text-editor.default\">\n\t\t\t\t<div class=\"elementor-widget-container\">\n\t\t\t\t\t\t\t\t\t<p><i>Septembre 2023 &#8211; Cidre &amp; Dragon &#8211; Merville-Franceville<\/i><\/p>\t\t\t\t\t\t\t\t<\/div>\n\t\t\t\t<\/div>\n\t\t\t\t\t<\/div>\n\t\t<\/div>\n\t\t\t\t<div class=\"elementor-column elementor-col-50 elementor-top-column elementor-element elementor-element-60213f2\" data-id=\"60213f2\" data-element_type=\"column\" data-e-type=\"column\">\n\t\t\t<div class=\"elementor-widget-wrap elementor-element-populated\">\n\t\t\t\t\t\t<div class=\"elementor-element elementor-element-720dd98 elementor-widget elementor-widget-image\" data-id=\"720dd98\" data-element_type=\"widget\" data-e-type=\"widget\" data-widget_type=\"image.default\">\n\t\t\t\t<div class=\"elementor-widget-container\">\n\t\t\t\t\t\t\t\t\t\t\t\t\t\t\t<img loading=\"lazy\" decoding=\"async\" width=\"819\" height=\"1024\" src=\"https:\/\/i0.wp.com\/bohemian-feathers-jewelry.fr\/wp-content\/uploads\/2022\/10\/standnuit.jpg?fit=819%2C1024&amp;ssl=1\" class=\"attachment-large size-large wp-image-9477\" alt=\"\" srcset=\"https:\/\/i0.wp.com\/bohemian-feathers-jewelry.fr\/wp-content\/uploads\/2022\/10\/standnuit.jpg?w=1440&amp;ssl=1 1440w, https:\/\/i0.wp.com\/bohemian-feathers-jewelry.fr\/wp-content\/uploads\/2022\/10\/standnuit.jpg?resize=240%2C300&amp;ssl=1 240w, https:\/\/i0.wp.com\/bohemian-feathers-jewelry.fr\/wp-content\/uploads\/2022\/10\/standnuit.jpg?resize=819%2C1024&amp;ssl=1 819w, https:\/\/i0.wp.com\/bohemian-feathers-jewelry.fr\/wp-content\/uploads\/2022\/10\/standnuit.jpg?resize=768%2C960&amp;ssl=1 768w, https:\/\/i0.wp.com\/bohemian-feathers-jewelry.fr\/wp-content\/uploads\/2022\/10\/standnuit.jpg?resize=1229%2C1536&amp;ssl=1 1229w, https:\/\/i0.wp.com\/bohemian-feathers-jewelry.fr\/wp-content\/uploads\/2022\/10\/standnuit.jpg?resize=10%2C12&amp;ssl=1 10w, https:\/\/i0.wp.com\/bohemian-feathers-jewelry.fr\/wp-content\/uploads\/2022\/10\/standnuit.jpg?resize=600%2C750&amp;ssl=1 600w\" sizes=\"(max-width: 819px) 100vw, 819px\" \/>\t\t\t\t\t\t\t\t\t\t\t\t\t\t\t<\/div>\n\t\t\t\t<\/div>\n\t\t\t\t<div class=\"elementor-element elementor-element-50762fc elementor-widget elementor-widget-text-editor\" data-id=\"50762fc\" data-element_type=\"widget\" data-e-type=\"widget\" data-widget_type=\"text-editor.default\">\n\t\t\t\t<div class=\"elementor-widget-container\">\n\t\t\t\t\t\t\t\t\t<p><i>Septembre 2022 &#8211; Cidre &amp; Dragon &#8211; Merville-Franceville<\/i><\/p>\t\t\t\t\t\t\t\t<\/div>\n\t\t\t\t<\/div>\n\t\t\t\t\t<\/div>\n\t\t<\/div>\n\t\t\t\t\t<\/div>\n\t\t<\/section>\n\t\t\t\t<\/div>","protected":false},"excerpt":{"rendered":"<p>AGENDA DES MARCH\u00c9S O\u00f9 me retrouver cette ann\u00e9e ? AGENDA 2026 NORMANNIA &#8211; ROUEN PARC EXPO (76) &#8211; 14 et 15 f\u00e9vrier 2026 \ud83d\udcc6 LE MARCH\u00c9 DES CHEVALI\u00c8RES &#8211; B\u00e9cherel (35) &#8211; 10 mai 2026 \ud83d\udcc6 FESTIVAL PENDRAGON &#8211; Chateau de Comper, Concoret (56) &#8211; 1 et 2 Ao\u00fbt 2026 \ud83d\udcc6 CIDRE &amp; DRAGON &#8211;&hellip;&nbsp;<a href=\"https:\/\/bohemian-feathers-jewelry.fr\/en\/evenements\/\" class=\"\" rel=\"bookmark\">Read More &raquo;<span class=\"screen-reader-text\">Events<\/span><\/a><\/p>","protected":false},"author":1,"featured_media":0,"parent":0,"menu_order":0,"comment_status":"closed","ping_status":"closed","template":"page-templates\/template-pagebuilder-full-width.php","meta":{"_monsterinsights_skip_tracking":false,"_monsterinsights_sitenote_active":false,"_monsterinsights_sitenote_note":"","_monsterinsights_sitenote_category":0,"neve_meta_sidebar":"full-width","neve_meta_container":"","neve_meta_enable_content_width":"on","neve_meta_content_width":100,"neve_meta_title_alignment":"","neve_meta_author_avatar":"","neve_post_elements_order":"","neve_meta_disable_header":"","neve_meta_disable_footer":"","neve_meta_disable_title":"","footnotes":""},"class_list":["post-552","page","type-page","status-publish","hentry"],"jetpack_sharing_enabled":true,"_links":{"self":[{"href":"https:\/\/bohemian-feathers-jewelry.fr\/en\/wp-json\/wp\/v2\/pages\/552","targetHints":{"allow":["GET"]}}],"collection":[{"href":"https:\/\/bohemian-feathers-jewelry.fr\/en\/wp-json\/wp\/v2\/pages"}],"about":[{"href":"https:\/\/bohemian-feathers-jewelry.fr\/en\/wp-json\/wp\/v2\/types\/page"}],"author":[{"embeddable":true,"href":"https:\/\/bohemian-feathers-jewelry.fr\/en\/wp-json\/wp\/v2\/users\/1"}],"replies":[{"embeddable":true,"href":"https:\/\/bohemian-feathers-jewelry.fr\/en\/wp-json\/wp\/v2\/comments?post=552"}],"version-history":[{"count":318,"href":"https:\/\/bohemian-feathers-jewelry.fr\/en\/wp-json\/wp\/v2\/pages\/552\/revisions"}],"predecessor-version":[{"id":17886,"href":"https:\/\/bohemian-feathers-jewelry.fr\/en\/wp-json\/wp\/v2\/pages\/552\/revisions\/17886"}],"wp:attachment":[{"href":"https:\/\/bohemian-feathers-jewelry.fr\/en\/wp-json\/wp\/v2\/media?parent=552"}],"curies":[{"name":"wp","href":"https:\/\/api.w.org\/{rel}","templated":true}]}}